{"id":730,"date":"2023-01-17T10:31:17","date_gmt":"2023-01-17T10:31:17","guid":{"rendered":"https:\/\/hatha.qodeinteractive.com\/?page_id=730"},"modified":"2025-12-02T17:02:14","modified_gmt":"2025-12-02T17:02:14","slug":"quien-soy","status":"publish","type":"page","link":"https:\/\/martayogaibiza.com\/index.php\/quien-soy\/","title":{"rendered":"Qui\u00e9n soy"},"content":{"rendered":"\t\t<div data-elementor-type=\"wp-page\" data-elementor-id=\"730\" class=\"elementor elementor-730\">\n\t\t\t\t\t\t<section class=\"elementor-section elementor-top-section elementor-element elementor-element-446c454 elementor-section-boxed elementor-section-height-default elementor-section-height-default qodef-elementor-content-no\" data-id=\"446c454\" data-element_type=\"section\">\n\t\t\t\t\t\t<div class=\"elementor-container elementor-column-gap-default\">\n\t\t\t\t\t<div class=\"elementor-column elementor-col-100 elementor-top-column elementor-element elementor-element-e8e4eb0\" data-id=\"e8e4eb0\" data-element_type=\"column\">\n\t\t\t<div class=\"elementor-widget-wrap elementor-element-populated\">\n\t\t\t\t\t\t<div class=\"elementor-element elementor-element-21e29d9 elementor-widget elementor-widget-text-editor\" data-id=\"21e29d9\" data-element_type=\"widget\" data-widget_type=\"text-editor.default\">\n\t\t\t\t<div class=\"elementor-widget-container\">\n\t\t\t\t\t\t\t\t\t<h3 style=\"text-align: center;\"><span style=\"color: #333333;\"><em>\u201cAgradecida de acompa\u00f1ar a los dem\u00e1s a trav\u00e9s del yoga.\u201d<\/em><\/span><\/h3>\t\t\t\t\t\t\t\t<\/div>\n\t\t\t\t<\/div>\n\t\t\t\t\t<\/div>\n\t\t<\/div>\n\t\t\t\t\t<\/div>\n\t\t<\/section>\n\t\t\t\t<section class=\"elementor-section elementor-top-section elementor-element elementor-element-b9f9d4d elementor-section-boxed elementor-section-height-default elementor-section-height-default qodef-elementor-content-no\" data-id=\"b9f9d4d\" data-element_type=\"section\">\n\t\t\t\t\t\t<div class=\"elementor-container elementor-column-gap-default\">\n\t\t\t\t\t<div class=\"elementor-column elementor-col-33 elementor-top-column elementor-element elementor-element-e939365\" data-id=\"e939365\" data-element_type=\"column\">\n\t\t\t<div class=\"elementor-widget-wrap elementor-element-populated\">\n\t\t\t\t\t\t<div class=\"elementor-element elementor-element-1227c53 elementor-widget elementor-widget-image\" data-id=\"1227c53\" data-element_type=\"widget\" data-widget_type=\"image.default\">\n\t\t\t\t<div class=\"elementor-widget-container\">\n\t\t\t\t\t\t\t\t\t\t\t\t\t\t\t<img fetchpriority=\"high\" decoding=\"async\" width=\"200\" height=\"300\" src=\"data:image\/gif;base64,R0lGODlhAQABAIAAAAAAAP\/\/\/yH5BAEAAAAALAAAAAABAAEAAAIBRAA7\" data-src=\"https:\/\/martayogaibiza.com\/wp-content\/uploads\/2025\/09\/MARTA-20-1-200x300.jpeg\" class=\"attachment-medium size-medium wp-image-8884 lazyload\" alt=\"\" data-srcset=\"https:\/\/martayogaibiza.com\/wp-content\/uploads\/2025\/09\/MARTA-20-1-200x300.jpeg 200w, https:\/\/martayogaibiza.com\/wp-content\/uploads\/2025\/09\/MARTA-20-1-683x1024.jpeg 683w, https:\/\/martayogaibiza.com\/wp-content\/uploads\/2025\/09\/MARTA-20-1-768x1152.jpeg 768w, https:\/\/martayogaibiza.com\/wp-content\/uploads\/2025\/09\/MARTA-20-1-1024x1536.jpeg 1024w, https:\/\/martayogaibiza.com\/wp-content\/uploads\/2025\/09\/MARTA-20-1-1365x2048.jpeg 1365w, https:\/\/martayogaibiza.com\/wp-content\/uploads\/2025\/09\/MARTA-20-1-scaled.jpeg 1707w\" sizes=\"(max-width: 200px) 100vw, 200px\" \/><noscript><img decoding=\"async\" width=\"200\" height=\"300\" src=\"https:\/\/martayogaibiza.com\/wp-content\/uploads\/2025\/09\/MARTA-20-1-200x300.jpeg\" class=\"attachment-medium size-medium wp-image-8884 lazyload\" alt=\"\" srcset=\"https:\/\/martayogaibiza.com\/wp-content\/uploads\/2025\/09\/MARTA-20-1-200x300.jpeg 200w, https:\/\/martayogaibiza.com\/wp-content\/uploads\/2025\/09\/MARTA-20-1-683x1024.jpeg 683w, https:\/\/martayogaibiza.com\/wp-content\/uploads\/2025\/09\/MARTA-20-1-768x1152.jpeg 768w, https:\/\/martayogaibiza.com\/wp-content\/uploads\/2025\/09\/MARTA-20-1-1024x1536.jpeg 1024w, https:\/\/martayogaibiza.com\/wp-content\/uploads\/2025\/09\/MARTA-20-1-1365x2048.jpeg 1365w, https:\/\/martayogaibiza.com\/wp-content\/uploads\/2025\/09\/MARTA-20-1-scaled.jpeg 1707w\" sizes=\"(max-width: 200px) 100vw, 200px\" \/><\/noscript>\t\t\t\t\t\t\t\t\t\t\t\t\t\t\t<\/div>\n\t\t\t\t<\/div>\n\t\t\t\t\t<\/div>\n\t\t<\/div>\n\t\t\t\t<div class=\"elementor-column elementor-col-66 elementor-top-column elementor-element elementor-element-393ab26\" data-id=\"393ab26\" data-element_type=\"column\">\n\t\t\t<div class=\"elementor-widget-wrap elementor-element-populated\">\n\t\t\t\t\t\t<div class=\"elementor-element elementor-element-57ea7d1 elementor-widget__width-initial elementor-widget elementor-widget-text-editor\" data-id=\"57ea7d1\" data-element_type=\"widget\" data-widget_type=\"text-editor.default\">\n\t\t\t\t<div class=\"elementor-widget-container\">\n\t\t\t\t\t\t\t\t\t<h3 style=\"text-align: left;\">Mi historia con el<span style=\"color: #8d6a7e;\"><strong>\u00a0Yoga<\/strong><\/span><span style=\"color: #000000;\">:<\/span><\/h3><p class=\"a-b-r-La\" style=\"text-align: left;\">Empec\u00e9 a practicar yoga casi por casualidad. En 2002, una compa\u00f1era de trabajo me sugiri\u00f3 probarlo para aliviar el estr\u00e9s del d\u00eda a d\u00eda. Yo pens\u00e9 que no era para m\u00ed, pero en aquella primera clase algo se despert\u00f3: una sensaci\u00f3n de paz, conexi\u00f3n y bienestar que no hab\u00eda sentido antes.<\/p><p class=\"a-b-r-La\" style=\"text-align: left;\">Poco a poco se convirti\u00f3 en parte de mi rutina. Con el tiempo, no solo me sent\u00eda mejor fisicamente; el yoga tambi\u00e9n empez\u00f3 a transformar mi manera de vivir y de relacionarme conmigo misma.<\/p><p class=\"a-b-r-La\" style=\"text-align: left;\">A\u00f1os m\u00e1s tarde, ya en Ibiza, sent\u00ed que hab\u00eda llegado el momento de profundizar. Me form\u00e9 como profesora y empec\u00e9 a impartir clases. M\u00e1s adelante acompa\u00f1\u00e9 tambi\u00e9n a mujeres embarazadas y en su postparto, un camino que me ense\u00f1\u00f3 much\u00edsimo y que atesoro con cari\u00f1o.<\/p><p style=\"text-align: left;\">He seguido form\u00e1ndome en Hatha, Yin Yoga, Sivananda y otras disciplinas. Y hace unos a\u00f1os cumpl\u00ed un sue\u00f1o: abrir mi propio estudio en Santa Eulalia del R\u00edo, un espacio donde compartir clases regulares, privadas, workshops,\u00a0 formaciones y colaboraciones con profesionales que admiro.\u00a0<\/p><p style=\"text-align: left;\">Mi relaci\u00f3n con el yoga es sencilla y profunda a la vez: es una forma de volver a m\u00ed, de escucharme, de cuidar mi energ\u00eda y de acompa\u00f1ar a los dem\u00e1s en ese mismo proceso.<\/p><p style=\"text-align: left;\">\u00a0Es mi pr\u00e1ctica, mi aprendizaje y mi vocaci\u00f3n.<\/p>\t\t\t\t\t\t\t\t<\/div>\n\t\t\t\t<\/div>\n\t\t\t\t<div class=\"elementor-element elementor-element-f7f48c5 elementor-widget elementor-widget-text-editor\" data-id=\"f7f48c5\" data-element_type=\"widget\" data-widget_type=\"text-editor.default\">\n\t\t\t\t<div class=\"elementor-widget-container\">\n\t\t\t\t\t\t\t\t\t<p style=\"text-align: center;\"><em>Formada en Hatha, Sivananda, Yin Yoga y Yoga Prenatal.<\/em><\/p>\n<p style=\"text-align: center;\"><em>Acompa\u00f1o cada pr\u00e1ctica desde la presencia, la sensibilidad y la experiencia.<\/em><\/p>\t\t\t\t\t\t\t\t<\/div>\n\t\t\t\t<\/div>\n\t\t\t\t\t<\/div>\n\t\t<\/div>\n\t\t\t\t\t<\/div>\n\t\t<\/section>\n\t\t\t\t<section class=\"elementor-section elementor-top-section elementor-element elementor-element-4face65 elementor-section-boxed elementor-section-height-default elementor-section-height-default qodef-elementor-content-no\" data-id=\"4face65\" data-element_type=\"section\">\n\t\t\t\t\t\t<div class=\"elementor-container elementor-column-gap-default\">\n\t\t\t\t\t<div class=\"elementor-column elementor-col-50 elementor-top-column elementor-element elementor-element-c0e51f4\" data-id=\"c0e51f4\" data-element_type=\"column\">\n\t\t\t<div class=\"elementor-widget-wrap\">\n\t\t\t\t\t\t\t<\/div>\n\t\t<\/div>\n\t\t\t\t<div class=\"elementor-column elementor-col-50 elementor-top-column elementor-element elementor-element-30fd493\" data-id=\"30fd493\" data-element_type=\"column\">\n\t\t\t<div class=\"elementor-widget-wrap elementor-element-populated\">\n\t\t\t\t\t\t<div class=\"elementor-element elementor-element-b8ea31a elementor-widget elementor-widget-image\" data-id=\"b8ea31a\" data-element_type=\"widget\" data-widget_type=\"image.default\">\n\t\t\t\t<div class=\"elementor-widget-container\">\n\t\t\t\t\t\t\t\t\t\t\t\t\t\t\t<img decoding=\"async\" width=\"1024\" height=\"683\" src=\"data:image\/gif;base64,R0lGODlhAQABAIAAAAAAAP\/\/\/yH5BAEAAAAALAAAAAABAAEAAAIBRAA7\" data-src=\"https:\/\/martayogaibiza.com\/wp-content\/uploads\/2025\/08\/MARTA-64-1024x683.jpg\" class=\"attachment-large size-large wp-image-8772 lazyload\" alt=\"\" data-srcset=\"https:\/\/martayogaibiza.com\/wp-content\/uploads\/2025\/08\/MARTA-64-1024x683.jpg 1024w, https:\/\/martayogaibiza.com\/wp-content\/uploads\/2025\/08\/MARTA-64-300x200.jpg 300w, https:\/\/martayogaibiza.com\/wp-content\/uploads\/2025\/08\/MARTA-64-768x512.jpg 768w, https:\/\/martayogaibiza.com\/wp-content\/uploads\/2025\/08\/MARTA-64-1536x1024.jpg 1536w, https:\/\/martayogaibiza.com\/wp-content\/uploads\/2025\/08\/MARTA-64-2048x1365.jpg 2048w\" sizes=\"(max-width: 1024px) 100vw, 1024px\" \/><noscript><img loading=\"lazy\" decoding=\"async\" width=\"1024\" height=\"683\" src=\"https:\/\/martayogaibiza.com\/wp-content\/uploads\/2025\/08\/MARTA-64-1024x683.jpg\" class=\"attachment-large size-large wp-image-8772 lazyload\" alt=\"\" srcset=\"https:\/\/martayogaibiza.com\/wp-content\/uploads\/2025\/08\/MARTA-64-1024x683.jpg 1024w, https:\/\/martayogaibiza.com\/wp-content\/uploads\/2025\/08\/MARTA-64-300x200.jpg 300w, https:\/\/martayogaibiza.com\/wp-content\/uploads\/2025\/08\/MARTA-64-768x512.jpg 768w, https:\/\/martayogaibiza.com\/wp-content\/uploads\/2025\/08\/MARTA-64-1536x1024.jpg 1536w, https:\/\/martayogaibiza.com\/wp-content\/uploads\/2025\/08\/MARTA-64-2048x1365.jpg 2048w\" sizes=\"(max-width: 1024px) 100vw, 1024px\" \/><\/noscript>\t\t\t\t\t\t\t\t\t\t\t\t\t\t\t<\/div>\n\t\t\t\t<\/div>\n\t\t\t\t\t<\/div>\n\t\t<\/div>\n\t\t\t\t\t<\/div>\n\t\t<\/section>\n\t\t\t\t<\/div>\n\t\t","protected":false},"excerpt":{"rendered":"<p>\u201cAgradecida de acompa\u00f1ar a los dem\u00e1s a trav\u00e9s del yoga.\u201d Mi historia con el\u00a0Yoga: Empec\u00e9 a practicar yoga casi por casualidad. En 2002, una compa\u00f1era de trabajo me sugiri\u00f3 probarlo para aliviar el estr\u00e9s del d\u00eda a d\u00eda. Yo pens\u00e9 que no era para m\u00ed, pero en aquella primera clase algo se despert\u00f3: una sensaci\u00f3n [&hellip;]<\/p>\n","protected":false},"author":1,"featured_media":0,"parent":0,"menu_order":0,"comment_status":"closed","ping_status":"closed","template":"page-full-width.php","meta":{"footnotes":""},"class_list":["post-730","page","type-page","status-publish","hentry"],"yoast_head":"<!-- This site is optimized with the Yoast SEO plugin v25.5 - https:\/\/yoast.com\/wordpress\/plugins\/seo\/ -->\n<title>Qui\u00e9n soy - Marta Yoga Ibiza<\/title>\n<meta name=\"description\" content=\"Hola, soy Marta Almagro, creadora del estudio Marta Yoga Ibiza, puedes practicar conmigo Hatha Yoga, Yin Yoga, Sivananda o Yoga en familia.\" \/>\n<meta name=\"robots\" content=\"index, follow, max-snippet:-1, max-image-preview:large, max-video-preview:-1\" \/>\n<link rel=\"canonical\" href=\"https:\/\/martayogaibiza.com\/index.php\/quien-soy\/\" \/>\n<meta property=\"og:locale\" content=\"es_ES\" \/>\n<meta property=\"og:type\" content=\"article\" \/>\n<meta property=\"og:title\" content=\"Qui\u00e9n soy - Marta Yoga Ibiza\" \/>\n<meta property=\"og:description\" content=\"Hola, soy Marta Almagro, creadora del estudio Marta Yoga Ibiza, puedes practicar conmigo Hatha Yoga, Yin Yoga, Sivananda o Yoga en familia.\" \/>\n<meta property=\"og:url\" content=\"https:\/\/martayogaibiza.com\/index.php\/quien-soy\/\" \/>\n<meta property=\"og:site_name\" content=\"Marta Yoga Ibiza\" \/>\n<meta property=\"article:publisher\" content=\"https:\/\/www.facebook.com\/MartaYogaIbiza\/\" \/>\n<meta property=\"article:modified_time\" content=\"2025-12-02T17:02:14+00:00\" \/>\n<meta property=\"og:image\" content=\"https:\/\/martayogaibiza.com\/wp-content\/uploads\/2025\/09\/MARTA-20-1-scaled.jpeg\" \/>\n\t<meta property=\"og:image:width\" content=\"1707\" \/>\n\t<meta property=\"og:image:height\" content=\"2560\" \/>\n\t<meta property=\"og:image:type\" content=\"image\/jpeg\" \/>\n<meta name=\"twitter:card\" content=\"summary_large_image\" \/>\n<meta name=\"twitter:label1\" content=\"Tiempo de lectura\" \/>\n\t<meta name=\"twitter:data1\" content=\"4 minutos\" \/>\n<script type=\"application\/ld+json\" class=\"yoast-schema-graph\">{\"@context\":\"https:\/\/schema.org\",\"@graph\":[{\"@type\":\"WebPage\",\"@id\":\"https:\/\/martayogaibiza.com\/index.php\/quien-soy\/\",\"url\":\"https:\/\/martayogaibiza.com\/index.php\/quien-soy\/\",\"name\":\"Qui\u00e9n soy - Marta Yoga Ibiza\",\"isPartOf\":{\"@id\":\"https:\/\/martayogaibiza.com\/#website\"},\"primaryImageOfPage\":{\"@id\":\"https:\/\/martayogaibiza.com\/index.php\/quien-soy\/#primaryimage\"},\"image\":{\"@id\":\"https:\/\/martayogaibiza.com\/index.php\/quien-soy\/#primaryimage\"},\"thumbnailUrl\":\"https:\/\/martayogaibiza.com\/wp-content\/uploads\/2025\/09\/MARTA-20-1-200x300.jpeg\",\"datePublished\":\"2023-01-17T10:31:17+00:00\",\"dateModified\":\"2025-12-02T17:02:14+00:00\",\"description\":\"Hola, soy Marta Almagro, creadora del estudio Marta Yoga Ibiza, puedes practicar conmigo Hatha Yoga, Yin Yoga, Sivananda o Yoga en familia.\",\"breadcrumb\":{\"@id\":\"https:\/\/martayogaibiza.com\/index.php\/quien-soy\/#breadcrumb\"},\"inLanguage\":\"es\",\"potentialAction\":[{\"@type\":\"ReadAction\",\"target\":[\"https:\/\/martayogaibiza.com\/index.php\/quien-soy\/\"]}]},{\"@type\":\"ImageObject\",\"inLanguage\":\"es\",\"@id\":\"https:\/\/martayogaibiza.com\/index.php\/quien-soy\/#primaryimage\",\"url\":\"https:\/\/martayogaibiza.com\/wp-content\/uploads\/2025\/09\/MARTA-20-1-scaled.jpeg\",\"contentUrl\":\"https:\/\/martayogaibiza.com\/wp-content\/uploads\/2025\/09\/MARTA-20-1-scaled.jpeg\",\"width\":1707,\"height\":2560},{\"@type\":\"BreadcrumbList\",\"@id\":\"https:\/\/martayogaibiza.com\/index.php\/quien-soy\/#breadcrumb\",\"itemListElement\":[{\"@type\":\"ListItem\",\"position\":1,\"name\":\"Portada\",\"item\":\"https:\/\/martayogaibiza.com\/\"},{\"@type\":\"ListItem\",\"position\":2,\"name\":\"Qui\u00e9n soy\"}]},{\"@type\":\"WebSite\",\"@id\":\"https:\/\/martayogaibiza.com\/#website\",\"url\":\"https:\/\/martayogaibiza.com\/\",\"name\":\"Marta Yoga Ibiza\",\"description\":\"Yoga en Ibiza\",\"publisher\":{\"@id\":\"https:\/\/martayogaibiza.com\/#\/schema\/person\/92598a7f6f24a2bf61586cfdd3825a83\"},\"potentialAction\":[{\"@type\":\"SearchAction\",\"target\":{\"@type\":\"EntryPoint\",\"urlTemplate\":\"https:\/\/martayogaibiza.com\/?s={search_term_string}\"},\"query-input\":{\"@type\":\"PropertyValueSpecification\",\"valueRequired\":true,\"valueName\":\"search_term_string\"}}],\"inLanguage\":\"es\"},{\"@type\":[\"Person\",\"Organization\"],\"@id\":\"https:\/\/martayogaibiza.com\/#\/schema\/person\/92598a7f6f24a2bf61586cfdd3825a83\",\"name\":\"Marta Almagro\",\"image\":{\"@type\":\"ImageObject\",\"inLanguage\":\"es\",\"@id\":\"https:\/\/martayogaibiza.com\/#\/schema\/person\/image\/\",\"url\":\"https:\/\/martayogaibiza.com\/wp-content\/uploads\/2023\/01\/sin-fondo.png\",\"contentUrl\":\"https:\/\/martayogaibiza.com\/wp-content\/uploads\/2023\/01\/sin-fondo.png\",\"width\":489,\"height\":303,\"caption\":\"Marta Almagro\"},\"logo\":{\"@id\":\"https:\/\/martayogaibiza.com\/#\/schema\/person\/image\/\"},\"sameAs\":[\"http:\/\/martayogaibiza.com\",\"https:\/\/www.facebook.com\/MartaYogaIbiza\/\",\"https:\/\/www.instagram.com\/martayogaibiza\/\"]}]}<\/script>\n<!-- \/ Yoast SEO plugin. -->","yoast_head_json":{"title":"Qui\u00e9n soy - Marta Yoga Ibiza","description":"Hola, soy Marta Almagro, creadora del estudio Marta Yoga Ibiza, puedes practicar conmigo Hatha Yoga, Yin Yoga, Sivananda o Yoga en familia.","robots":{"index":"index","follow":"follow","max-snippet":"max-snippet:-1","max-image-preview":"max-image-preview:large","max-video-preview":"max-video-preview:-1"},"canonical":"https:\/\/martayogaibiza.com\/index.php\/quien-soy\/","og_locale":"es_ES","og_type":"article","og_title":"Qui\u00e9n soy - Marta Yoga Ibiza","og_description":"Hola, soy Marta Almagro, creadora del estudio Marta Yoga Ibiza, puedes practicar conmigo Hatha Yoga, Yin Yoga, Sivananda o Yoga en familia.","og_url":"https:\/\/martayogaibiza.com\/index.php\/quien-soy\/","og_site_name":"Marta Yoga Ibiza","article_publisher":"https:\/\/www.facebook.com\/MartaYogaIbiza\/","article_modified_time":"2025-12-02T17:02:14+00:00","og_image":[{"width":1707,"height":2560,"url":"https:\/\/martayogaibiza.com\/wp-content\/uploads\/2025\/09\/MARTA-20-1-scaled.jpeg","type":"image\/jpeg"}],"twitter_card":"summary_large_image","twitter_misc":{"Tiempo de lectura":"4 minutos"},"schema":{"@context":"https:\/\/schema.org","@graph":[{"@type":"WebPage","@id":"https:\/\/martayogaibiza.com\/index.php\/quien-soy\/","url":"https:\/\/martayogaibiza.com\/index.php\/quien-soy\/","name":"Qui\u00e9n soy - Marta Yoga Ibiza","isPartOf":{"@id":"https:\/\/martayogaibiza.com\/#website"},"primaryImageOfPage":{"@id":"https:\/\/martayogaibiza.com\/index.php\/quien-soy\/#primaryimage"},"image":{"@id":"https:\/\/martayogaibiza.com\/index.php\/quien-soy\/#primaryimage"},"thumbnailUrl":"https:\/\/martayogaibiza.com\/wp-content\/uploads\/2025\/09\/MARTA-20-1-200x300.jpeg","datePublished":"2023-01-17T10:31:17+00:00","dateModified":"2025-12-02T17:02:14+00:00","description":"Hola, soy Marta Almagro, creadora del estudio Marta Yoga Ibiza, puedes practicar conmigo Hatha Yoga, Yin Yoga, Sivananda o Yoga en familia.","breadcrumb":{"@id":"https:\/\/martayogaibiza.com\/index.php\/quien-soy\/#breadcrumb"},"inLanguage":"es","potentialAction":[{"@type":"ReadAction","target":["https:\/\/martayogaibiza.com\/index.php\/quien-soy\/"]}]},{"@type":"ImageObject","inLanguage":"es","@id":"https:\/\/martayogaibiza.com\/index.php\/quien-soy\/#primaryimage","url":"https:\/\/martayogaibiza.com\/wp-content\/uploads\/2025\/09\/MARTA-20-1-scaled.jpeg","contentUrl":"https:\/\/martayogaibiza.com\/wp-content\/uploads\/2025\/09\/MARTA-20-1-scaled.jpeg","width":1707,"height":2560},{"@type":"BreadcrumbList","@id":"https:\/\/martayogaibiza.com\/index.php\/quien-soy\/#breadcrumb","itemListElement":[{"@type":"ListItem","position":1,"name":"Portada","item":"https:\/\/martayogaibiza.com\/"},{"@type":"ListItem","position":2,"name":"Qui\u00e9n soy"}]},{"@type":"WebSite","@id":"https:\/\/martayogaibiza.com\/#website","url":"https:\/\/martayogaibiza.com\/","name":"Marta Yoga Ibiza","description":"Yoga en Ibiza","publisher":{"@id":"https:\/\/martayogaibiza.com\/#\/schema\/person\/92598a7f6f24a2bf61586cfdd3825a83"},"potentialAction":[{"@type":"SearchAction","target":{"@type":"EntryPoint","urlTemplate":"https:\/\/martayogaibiza.com\/?s={search_term_string}"},"query-input":{"@type":"PropertyValueSpecification","valueRequired":true,"valueName":"search_term_string"}}],"inLanguage":"es"},{"@type":["Person","Organization"],"@id":"https:\/\/martayogaibiza.com\/#\/schema\/person\/92598a7f6f24a2bf61586cfdd3825a83","name":"Marta Almagro","image":{"@type":"ImageObject","inLanguage":"es","@id":"https:\/\/martayogaibiza.com\/#\/schema\/person\/image\/","url":"https:\/\/martayogaibiza.com\/wp-content\/uploads\/2023\/01\/sin-fondo.png","contentUrl":"https:\/\/martayogaibiza.com\/wp-content\/uploads\/2023\/01\/sin-fondo.png","width":489,"height":303,"caption":"Marta Almagro"},"logo":{"@id":"https:\/\/martayogaibiza.com\/#\/schema\/person\/image\/"},"sameAs":["http:\/\/martayogaibiza.com","https:\/\/www.facebook.com\/MartaYogaIbiza\/","https:\/\/www.instagram.com\/martayogaibiza\/"]}]}},"_links":{"self":[{"href":"https:\/\/martayogaibiza.com\/index.php\/wp-json\/wp\/v2\/pages\/730","targetHints":{"allow":["GET"]}}],"collection":[{"href":"https:\/\/martayogaibiza.com\/index.php\/wp-json\/wp\/v2\/pages"}],"about":[{"href":"https:\/\/martayogaibiza.com\/index.php\/wp-json\/wp\/v2\/types\/page"}],"author":[{"embeddable":true,"href":"https:\/\/martayogaibiza.com\/index.php\/wp-json\/wp\/v2\/users\/1"}],"replies":[{"embeddable":true,"href":"https:\/\/martayogaibiza.com\/index.php\/wp-json\/wp\/v2\/comments?post=730"}],"version-history":[{"count":272,"href":"https:\/\/martayogaibiza.com\/index.php\/wp-json\/wp\/v2\/pages\/730\/revisions"}],"predecessor-version":[{"id":9025,"href":"https:\/\/martayogaibiza.com\/index.php\/wp-json\/wp\/v2\/pages\/730\/revisions\/9025"}],"wp:attachment":[{"href":"https:\/\/martayogaibiza.com\/index.php\/wp-json\/wp\/v2\/media?parent=730"}],"curies":[{"name":"wp","href":"https:\/\/api.w.org\/{rel}","templated":true}]}}